{"id":69,"date":"2019-08-16T07:52:43","date_gmt":"2019-08-16T07:52:43","guid":{"rendered":"http:\/\/aphasiques44.fr\/?page_id=69"},"modified":"2025-10-26T10:55:41","modified_gmt":"2025-10-26T09:55:41","slug":"documentation","status":"publish","type":"page","link":"https:\/\/www.aphasiques44.fr\/?page_id=69","title":{"rendered":"Informations utiles"},"content":{"rendered":"\n<h3 class=\"wp-block-heading\"><strong>Journ\u00e9e de Pr\u00e9vention AVC \u2013 Saint-Nazaire<\/strong><\/h3>\n\n\n<div class=\"wp-block-image\">\n<figure class=\"alignleft size-full is-resized\"><img loading=\"lazy\" decoding=\"async\" width=\"300\" height=\"300\" src=\"https:\/\/www.aphasiques44.fr\/wp-content\/uploads\/2025\/10\/logo-centre-hosoitier-saint-nazaire.jpg\" alt=\"\" class=\"wp-image-1006\" style=\"width:110px;height:auto\" srcset=\"https:\/\/www.aphasiques44.fr\/wp-content\/uploads\/2025\/10\/logo-centre-hosoitier-saint-nazaire.jpg 300w, https:\/\/www.aphasiques44.fr\/wp-content\/uploads\/2025\/10\/logo-centre-hosoitier-saint-nazaire-150x150.jpg 150w, https:\/\/www.aphasiques44.fr\/wp-content\/uploads\/2025\/10\/logo-centre-hosoitier-saint-nazaire-75x75.jpg 75w\" sizes=\"auto, (max-width: 300px) 100vw, 300px\" \/><\/figure>\n<\/div>\n\n\n<pre class=\"wp-block-verse\"><strong>Date :<\/strong>&nbsp;<strong>le mardi 4 novembre 2025<\/strong><br><strong>Lieu :<\/strong>&nbsp;Hall du&nbsp;<strong>Centre Hospitalier de Saint-Nazaire<\/strong>&nbsp;<br><strong>Horaire :<\/strong>&nbsp;de&nbsp;<strong>9h \u00e0 17h<\/strong><\/pre>\n\n\n\n<pre class=\"wp-block-verse\">Comme l\u2019ann\u00e9e derni\u00e8re,&nbsp;l'Association <strong>Aphasiques 44<\/strong>&nbsp;sera pr\u00e9sente pour&nbsp;<strong>animer un stand d\u2019information et de sensibilisation<\/strong>&nbsp;autour de l\u2019aphasie et des cons\u00e9quences des AVC.<\/pre>\n\n\n\n<pre class=\"wp-block-verse\">Venez nous rencontrer, \u00e9changer, poser vos questions et d\u00e9couvrir nos actions pour&nbsp;<strong>rompre l\u2019isolement des personnes aphasiques<\/strong>&nbsp;et&nbsp;<strong>soutenir leurs proches<\/strong>.<\/pre>\n\n\n\n<pre class=\"wp-block-verse\">Ensemble, faisons conna\u00eetre l\u2019aphasie et les moyens de pr\u00e9venir l\u2019AVC !<\/pre>\n\n\n\n<div class=\"wp-block-group\"><div class=\"wp-block-group__inner-container is-layout-constrained wp-block-group-is-layout-constrained\">\n<div class=\"wp-block-columns is-layout-flex wp-container-core-columns-is-layout-9d6595d7 wp-block-columns-is-layout-flex\">\n<div class=\"wp-block-column is-layout-flow wp-block-column-is-layout-flow\" style=\"flex-basis:100%\">\n<hr class=\"wp-block-separator aligncenter has-alpha-channel-opacity\"\/>\n<\/div>\n<\/div>\n<\/div><\/div>\n\n\n\n<p><\/p>\n\n\n\n<h3 class=\"wp-block-heading\">Forum des associations au <strong>Centre MPR C\u00f4te d&rsquo;Amour<\/strong> de Saint-Nazaire<\/h3>\n\n\n\n<pre class=\"wp-block-verse\"><strong>Dates :<\/strong>&nbsp;<br><strong>le 11 D\u00e9cembre 2025<br>le 12 F\u00e9vrier 2026<br>le 09 Avril 2026<br>le 11 Juin 2026<\/strong><\/pre>\n\n\n<div class=\"wp-block-image\">\n<figure class=\"alignleft size-full is-resized\"><img loading=\"lazy\" decoding=\"async\" width=\"154\" height=\"89\" src=\"https:\/\/www.aphasiques44.fr\/wp-content\/uploads\/2025\/10\/image001.png\" alt=\"\" class=\"wp-image-1011\" style=\"width:154px;height:auto\"\/><\/figure>\n<\/div>\n\n\n<pre class=\"wp-block-verse\"><strong>Lieu :<\/strong>&nbsp;<strong>Centre MPR dans la salle de sport en face la kin\u00e9sith\u00e9rapie<\/strong> \n57, Rue Michel Ange\nCS 1204\n44616 Saint-Nazaire Cedex<\/pre>\n\n\n\n<pre class=\"wp-block-verse\"><strong>Horaire&nbsp;&nbsp;:<\/strong><\/pre>\n\n\n\n<ul class=\"wp-block-list\">\n<li>de<strong> 12h30 \u00e0 13h30&nbsp;<\/strong>: arriv\u00e9e des associations&nbsp;: <strong>repas<\/strong> (pour ceux qui le souhaitent, chaque participant doit pr\u00e9voir son repas) et installation<\/li>\n\n\n\n<li>de<strong> 13h30 \u00e0 16h30<\/strong>&nbsp;: <strong>Forum<\/strong>&nbsp;<\/li>\n<\/ul>\n\n\n\n<pre class=\"wp-block-verse\">L\u2019association&nbsp;<strong>Aphasiques 44<\/strong>&nbsp;animera un&nbsp;<strong>stand d\u2019information et d\u2019\u00e9changes<\/strong>&nbsp;\u00e0 destination des&nbsp;<strong>patients atteints d\u2019aphasie<\/strong>&nbsp;et de&nbsp;<strong>leurs proches<\/strong>.<\/pre>\n\n\n\n<pre class=\"wp-block-verse\">Ce forum est l\u2019occasion de d\u00e9couvrir les associations locales partenaires du Centre MPR, d\u2019\u00e9changer avec des b\u00e9n\u00e9voles, et de mieux conna\u00eetre les dispositifs d\u2019accompagnement apr\u00e8s un AVC.<\/pre>\n\n\n\n<pre class=\"wp-block-verse\">Venez nous rencontrer, poser vos questions et partager un moment convivial autour de la communication, de la vie quotidienne et de la r\u00e9\u00e9ducation apr\u00e8s l\u2019aphasie.<br><\/pre>\n\n\n\n<hr class=\"wp-block-separator aligncenter has-alpha-channel-opacity is-style-wide\"\/>\n\n\n\n<p><\/p>\n\n\n\n<h3 class=\"wp-block-heading\">Repas de No\u00ebl et Assembl\u00e9e G\u00e9n\u00e9rale<\/h3>\n\n\n\n<pre class=\"wp-block-verse\"><strong>Date :<\/strong>&nbsp;<strong>le samedi  13 d\u00e9cembre 2025<\/strong>\n<strong>Lieu :<\/strong>&nbsp;<strong>Restaurant C\u00f4t\u00e9 Lac<\/strong>\nP\u00f4le de loisirs Lac-Route du Lac\n44260 Savenay\n<strong>Horaire :<\/strong>&nbsp;de&nbsp;<strong>12h30 \u00e0 17h<\/strong>\n\nNous aurons le plaisir de partager ensemble un repas de No\u00ebl, un moment convivial pour se retrouver, \u00e9changer et c\u00e9l\u00e9brer la fin d\u2019ann\u00e9e.\n\nCe temps sera suivi de l\u2019Assembl\u00e9e G\u00e9n\u00e9rale de l\u2019association Aphasiques 44, l\u2019occasion de faire le bilan de nos actions, de partager nos projets \u00e0 venir et de renforcer nos liens associatifs.\n\nVenez nombreux !\nCes moments de partage sont essentiels pour faire vivre notre belle communaut\u00e9 et poursuivre ensemble nos actions en faveur des personnes aphasiques et de leurs proches.\n<\/pre>\n\n\n<div class=\"wp-block-image\">\n<figure class=\"aligncenter size-large is-resized\"><img loading=\"lazy\" decoding=\"async\" width=\"1024\" height=\"683\" src=\"https:\/\/www.aphasiques44.fr\/wp-content\/uploads\/2025\/10\/47734148-nouveau-annee-2025-contexte-nombre-de-le-a-venir-annee-dans-noel-decoration-photo-1024x683.jpg\" alt=\"\" class=\"wp-image-1019\" style=\"width:325px;height:auto\" srcset=\"https:\/\/www.aphasiques44.fr\/wp-content\/uploads\/2025\/10\/47734148-nouveau-annee-2025-contexte-nombre-de-le-a-venir-annee-dans-noel-decoration-photo-1024x683.jpg 1024w, https:\/\/www.aphasiques44.fr\/wp-content\/uploads\/2025\/10\/47734148-nouveau-annee-2025-contexte-nombre-de-le-a-venir-annee-dans-noel-decoration-photo-300x200.jpg 300w, https:\/\/www.aphasiques44.fr\/wp-content\/uploads\/2025\/10\/47734148-nouveau-annee-2025-contexte-nombre-de-le-a-venir-annee-dans-noel-decoration-photo-768x512.jpg 768w, https:\/\/www.aphasiques44.fr\/wp-content\/uploads\/2025\/10\/47734148-nouveau-annee-2025-contexte-nombre-de-le-a-venir-annee-dans-noel-decoration-photo-1080x720.jpg 1080w, https:\/\/www.aphasiques44.fr\/wp-content\/uploads\/2025\/10\/47734148-nouveau-annee-2025-contexte-nombre-de-le-a-venir-annee-dans-noel-decoration-photo.jpg 1470w\" sizes=\"auto, (max-width: 1024px) 100vw, 1024px\" \/><\/figure>\n<\/div>\n\n\n<hr class=\"wp-block-separator has-alpha-channel-opacity is-style-wide\"\/>\n\n\n\n<p><\/p>\n\n\n\n<h3 class=\"wp-block-heading\">Session de sensibilisation de l&rsquo;aphasie<\/h3>\n\n\n\n<pre class=\"wp-block-verse\"><strong>Prochaine session :\u00a0le 2 d\u00e9cembre 2025<\/strong><br><strong>Dur\u00e9e :\u00a0<\/strong>2h00 de 18h \u00e0 20h<br><strong>Modalit\u00e9s :\u00a0<\/strong>E-Learning - <a href=\"https:\/\/forms.gle\/QtFgqzzmgGmEoszLA\" data-type=\"link\" data-id=\"https:\/\/forms.gle\/QtFgqzzmgGmEoszLA\">https:\/\/forms.gle\/QtFgqzzmgGmEoszLA<\/a><br><strong>Type de formation :\u00a0<\/strong>Formation continue en visioconf\u00e9rence<br><\/pre>\n\n\n<div class=\"wp-block-image\">\n<figure class=\"aligncenter is-resized\"><img loading=\"lazy\" decoding=\"async\" width=\"1442\" height=\"842\" src=\"https:\/\/www.aphasiques44.fr\/wp-content\/uploads\/2025\/10\/Capture-decran-2025-02-01-a-15.59.30.png\" alt=\"\" class=\"wp-image-760\" style=\"width:420px;height:auto\" srcset=\"https:\/\/www.aphasiques44.fr\/wp-content\/uploads\/2025\/10\/Capture-decran-2025-02-01-a-15.59.30.png 1442w, https:\/\/www.aphasiques44.fr\/wp-content\/uploads\/2025\/10\/Capture-decran-2025-02-01-a-15.59.30-300x175.png 300w, https:\/\/www.aphasiques44.fr\/wp-content\/uploads\/2025\/10\/Capture-decran-2025-02-01-a-15.59.30-1024x598.png 1024w, https:\/\/www.aphasiques44.fr\/wp-content\/uploads\/2025\/10\/Capture-decran-2025-02-01-a-15.59.30-768x448.png 768w, https:\/\/www.aphasiques44.fr\/wp-content\/uploads\/2025\/10\/Capture-decran-2025-02-01-a-15.59.30-1080x631.png 1080w\" sizes=\"auto, (max-width: 1442px) 100vw, 1442px\" \/><\/figure>\n<\/div>\n\n\n<hr class=\"wp-block-separator has-alpha-channel-opacity is-style-wide\"\/>\n\n\n\n<p><\/p>\n\n\n\n<h3 class=\"wp-block-heading\">Journ\u00e9e Interr\u00e9gionale \u00e0 Rennes<\/h3>\n\n\n\n<pre class=\"wp-block-verse\"><strong>Rencontre - Atelier \"Num\u00e9ro d'urgence 114\"<\/strong><\/pre>\n\n\n\n<pre class=\"wp-block-verse\">Organis\u00e9e par la FNAF et FNDS<\/pre>\n\n\n\n<pre class=\"wp-block-verse\"><strong>Date :<\/strong>&nbsp;<strong>le samedi 17 janvier 2026<\/strong><br><strong>Lieu :<\/strong>&nbsp;<strong>La Maison des Associations<\/strong><br>6 cours des Alli\u00e9s<br>35000 RENNES <br><strong>Horaire :<\/strong>&nbsp;de&nbsp;<strong>10h30 \u00e0 16h30<\/strong><br><br>La F\u00e9d\u00e9ration Nationale des Aphasiques de France (FNAF) et la F\u00e9d\u00e9ration Nationale des Sourds de France (FNDS) coorganisent une journ\u00e9e Interr\u00e9gionale de rencontre des associations de Bretagne et d\u2019\u00e9changes autour du num\u00e9ro d\u2019urgence 114, accessible aux personnes aphasiques ou ayant des troubles de la communication.<br><br>Objectifs de la journ\u00e9e :<br>\t\u2022\tFavoriser la compr\u00e9hension et l\u2019utilisation du 114.<br>\t\u2022\tIdentifier les besoins sp\u00e9cifiques des personnes aphasiques et sourdes.<br>\t\u2022\tConstruire ensemble des pistes d\u2019am\u00e9lioration pour un 114 inclusif et accessible \u00e0 tous.<br><br>Une journ\u00e9e plac\u00e9e sous le signe de la coop\u00e9ration, de l\u2019\u00e9coute et de la pr\u00e9vention.<br><\/pre>\n\n\n<div class=\"wp-block-image\">\n<figure class=\"aligncenter size-large is-resized\"><img loading=\"lazy\" decoding=\"async\" width=\"1024\" height=\"723\" src=\"https:\/\/www.aphasiques44.fr\/wp-content\/uploads\/2025\/10\/Capture-decran-2025-02-08-a-19.20.11-1024x723.jpg\" alt=\"\" class=\"wp-image-963\" style=\"width:214px;height:auto\" srcset=\"https:\/\/www.aphasiques44.fr\/wp-content\/uploads\/2025\/10\/Capture-decran-2025-02-08-a-19.20.11-1024x723.jpg 1024w, https:\/\/www.aphasiques44.fr\/wp-content\/uploads\/2025\/10\/Capture-decran-2025-02-08-a-19.20.11-300x212.jpg 300w, https:\/\/www.aphasiques44.fr\/wp-content\/uploads\/2025\/10\/Capture-decran-2025-02-08-a-19.20.11-768x542.jpg 768w, https:\/\/www.aphasiques44.fr\/wp-content\/uploads\/2025\/10\/Capture-decran-2025-02-08-a-19.20.11-1536x1085.jpg 1536w, https:\/\/www.aphasiques44.fr\/wp-content\/uploads\/2025\/10\/Capture-decran-2025-02-08-a-19.20.11-1080x763.jpg 1080w, https:\/\/www.aphasiques44.fr\/wp-content\/uploads\/2025\/10\/Capture-decran-2025-02-08-a-19.20.11.jpg 1730w\" sizes=\"auto, (max-width: 1024px) 100vw, 1024px\" \/><\/figure>\n<\/div>\n\n\n<hr class=\"wp-block-separator has-alpha-channel-opacity is-style-wide\"\/>\n\n\n\n<p><\/p>\n\n\n\n<h3 class=\"wp-block-heading\">25\u00e8me Congr\u00e9s de la FNAF \u00e0 Lyon 2026<\/h3>\n\n\n\n<pre class=\"wp-block-verse\"><strong>Date :<\/strong>&nbsp;<strong>le week-end du 13 et 14 juin 2026<\/strong><br><strong>Lieu :<\/strong>&nbsp;H\u00f4tel de Valpr\u00e9 <br><strong>Horaire :<\/strong>&nbsp;<br><br><em>R\u00e9servez la date !!! Plus d'informations prochainement...<\/em><\/pre>\n\n\n<div class=\"wp-block-image\">\n<figure class=\"aligncenter size-full\"><img loading=\"lazy\" decoding=\"async\" width=\"638\" height=\"236\" src=\"https:\/\/www.aphasiques44.fr\/wp-content\/uploads\/2025\/10\/Congres-de-la-FNAF-nuit-Lyon-version-A-1.jpg\" alt=\"\" class=\"wp-image-761\" srcset=\"https:\/\/www.aphasiques44.fr\/wp-content\/uploads\/2025\/10\/Congres-de-la-FNAF-nuit-Lyon-version-A-1.jpg 638w, https:\/\/www.aphasiques44.fr\/wp-content\/uploads\/2025\/10\/Congres-de-la-FNAF-nuit-Lyon-version-A-1-300x111.jpg 300w\" sizes=\"auto, (max-width: 638px) 100vw, 638px\" \/><\/figure>\n<\/div>\n\n\n<div class=\"wp-block-columns are-vertically-aligned-center is-layout-flex wp-container-core-columns-is-layout-9d6595d7 wp-block-columns-is-layout-flex\">\n<div class=\"wp-block-column is-layout-flow wp-block-column-is-layout-flow\"><\/div>\n<\/div>\n","protected":false},"excerpt":{"rendered":"<p>Journ\u00e9e de Pr\u00e9vention AVC \u2013 Saint-Nazaire Date :&nbsp;le mardi 4 novembre 2025Lieu :&nbsp;Hall du&nbsp;Centre Hospitalier de Saint-Nazaire&nbsp;Horaire :&nbsp;de&nbsp;9h \u00e0 17h Comme l\u2019ann\u00e9e derni\u00e8re,&nbsp;l&rsquo;Association Aphasiques 44&nbsp;sera pr\u00e9sente pour&nbsp;animer un stand d\u2019information &hellip; <a href=\"https:\/\/www.aphasiques44.fr\/?page_id=69\" class=\"more-link\">Lire la suite de <span class=\"screen-reader-text\">Informations utiles<\/span><\/a><\/p>\n","protected":false},"author":1031,"featured_media":0,"parent":0,"menu_order":0,"comment_status":"closed","ping_status":"closed","template":"","meta":{"_price":"","_stock":"","_tribe_ticket_header":"","_tribe_default_ticket_provider":"","_tribe_ticket_capacity":"0","_ticket_start_date":"","_ticket_end_date":"","_tribe_ticket_show_description":"","_tribe_ticket_show_not_going":false,"_tribe_ticket_use_global_stock":"","_tribe_ticket_global_stock_level":"","_global_stock_mode":"","_global_stock_cap":"","_tribe_rsvp_for_event":"","_tribe_ticket_going_count":"","_tribe_ticket_not_going_count":"","_tribe_tickets_list":"[]","_tribe_ticket_has_attendee_info_fields":false,"footnotes":"","_tec_slr_enabled":"","_tec_slr_layout":""},"class_list":["post-69","page","type-page","status-publish","hentry","no-featured-image"],"ticketed":false,"_links":{"self":[{"href":"https:\/\/www.aphasiques44.fr\/index.php?rest_route=\/wp\/v2\/pages\/69","targetHints":{"allow":["GET"]}}],"collection":[{"href":"https:\/\/www.aphasiques44.fr\/index.php?rest_route=\/wp\/v2\/pages"}],"about":[{"href":"https:\/\/www.aphasiques44.fr\/index.php?rest_route=\/wp\/v2\/types\/page"}],"author":[{"embeddable":true,"href":"https:\/\/www.aphasiques44.fr\/index.php?rest_route=\/wp\/v2\/users\/1031"}],"replies":[{"embeddable":true,"href":"https:\/\/www.aphasiques44.fr\/index.php?rest_route=%2Fwp%2Fv2%2Fcomments&post=69"}],"version-history":[{"count":36,"href":"https:\/\/www.aphasiques44.fr\/index.php?rest_route=\/wp\/v2\/pages\/69\/revisions"}],"predecessor-version":[{"id":1069,"href":"https:\/\/www.aphasiques44.fr\/index.php?rest_route=\/wp\/v2\/pages\/69\/revisions\/1069"}],"wp:attachment":[{"href":"https:\/\/www.aphasiques44.fr\/index.php?rest_route=%2Fwp%2Fv2%2Fmedia&parent=69"}],"curies":[{"name":"wp","href":"https:\/\/api.w.org\/{rel}","templated":true}]}}